{"id":6961,"date":"2020-01-20T14:03:29","date_gmt":"2020-01-20T14:03:29","guid":{"rendered":"https:\/\/autov.ch\/autov\/?page_id=6961"},"modified":"2023-03-06T19:56:46","modified_gmt":"2023-03-06T19:56:46","slug":"impressum","status":"publish","type":"page","link":"https:\/\/autov.ch\/index.php\/impressum\/","title":{"rendered":"Impressum"},"content":{"rendered":"<p>[vc_row][vc_column][vc_column_text]<\/p>\n<div id=\"default_page_row\" class=\"container\">\n<div class=\"row\">\n<div class=\" span12 content \">\n<p>autov ist ein Produkt der AHS Werkstatt<\/p>\n<p><strong>Kontaktadresse<\/strong><\/p>\n<p>AHS Werkstatt<br \/>\nZ\u00fcrcherstrasse 34<br \/>\n8604 Hegnau<br \/>\nSchweiz<br \/>\ninfo@ahs-werkstatt.ch<\/p>\n<p>&nbsp;<\/p>\n<p><strong>Vertretungsberechtigte Personen<\/strong><\/p>\n<p>Carmine Langone, Gesch\u00e4ftsf\u00fchrer<br \/>\nBruno Schiess, Verwaltungsrat<br \/>\nPascal Schiess, Verwaltungsrat<\/p>\n<p>&nbsp;<\/p>\n<p><strong>Handelsregistereintrag<\/strong><\/p>\n<p>Eingetragener Firmenname: Zweck der Gesellschaft ist Betrieb einer Garage mit Reparaturen, Kauf, Verkauf, Vermittlung, Vermietung von Fahrzeugen aller Art im In- und Ausland. Die Gesellschaft kann Zweigniederlassungen im In- und Ausland gr\u00fcnden, sich an anderen Unternehmen beteiligen, Grundst\u00fccke erwerben und ver\u00e4ussern sowie alle Gesch\u00e4fte t\u00e4tigen, die mit dem Zweck der Gesellschaft direkt oder indirekt im Zusammenhang stehen.<\/p>\n<p>Handelsregisteramt: Volketswil<\/p>\n<p>Mehrwertsteuernummer<\/p>\n<p>&nbsp;<\/p>\n<p><strong>Haftungsausschluss<\/strong><\/p>\n<p>Der Autor \u00fcbernimmt keinerlei Gew\u00e4hr hinsichtlich der\u00a0 inhaltlichen Richtigkeit, Genauigkeit, Aktualit\u00e4t, Zuverl\u00e4ssigkeit und\u00a0 Vollst\u00e4ndigkeit der Informationen.<\/p>\n<p>Haftungsanspr\u00fcche gegen den Autor wegen Sch\u00e4den materieller\u00a0 oder immaterieller Art, welche aus dem Zugriff oder der Nutzung bzw.\u00a0 Nichtnutzung der ver\u00f6ffentlichten Informationen, durch Missbrauch der\u00a0 Verbindung oder durch technische St\u00f6rungen entstanden sind, werden\u00a0 ausgeschlossen.<\/p>\n<p>Alle\u00a0 Angebote sind unverbindlich. Der Autor beh\u00e4lt es sich ausdr\u00fccklich vor, Teile\u00a0 der Seiten oder das gesamte Angebot ohne gesonderte Ank\u00fcndigung zu ver\u00e4ndern,\u00a0 zu erg\u00e4nzen, zu l\u00f6schen oder die Ver\u00f6ffentlichung zeitweise oder endg\u00fcltig\u00a0 einzustellen.<\/p>\n<p>&nbsp;<\/p>\n<p><strong>Haftung f\u00fcr Links<\/strong><\/p>\n<p>F\u00fcr die Richtigkeit der \u00fcber diese Website verbreiteten Informationen wird keine Gew\u00e4hr geleistet. Verweise und Links auf Webseiten\u00a0 Dritter liegen ausserhalb unseres Verantwortungsbereichs. Es wird jegliche Verantwortung f\u00fcr solche Webseiten abgelehnt.\u00a0 Der Zugriff und die Nutzung solcher Webseiten erfolgen\u00a0 auf eigene Gefahr des Nutzers oder der Nutzerin.<\/p>\n<p>&nbsp;<\/p>\n<p><strong>Urheberrechte<\/strong><\/p>\n<p>Die Urheber- und alle anderen Rechte an Inhalten, Bildern, Fotos oder anderen Dateien auf der Website geh\u00f6ren ausschliesslich der AHS Werkstatt oder den speziell genannten\u00a0 Rechtsinhabern. F\u00fcr die Reproduktion jeglicher Elemente ist die schriftliche Zustimmung der Urheberrechtstr\u00e4ger im Voraus einzuholen.<\/p>\n<p>&nbsp;<\/p>\n<p><strong>Datenschutz<\/strong><\/p>\n<p>Gest\u00fctzt auf Artikel 13 der schweizerischen Bundesverfassung\u00a0 und die datenschutzrechtlichen Bestimmungen des Bundes (Datenschutzgesetz, DSG)\u00a0 hat jede Person Anspruch auf Schutz ihrer Privatsph\u00e4re sowie auf Schutz vor\u00a0 Missbrauch ihrer pers\u00f6nlichen Daten. Wir halten diese Bestimmungen ein.\u00a0 Pers\u00f6nliche Daten werden streng vertraulich behandelt und weder an Dritte\u00a0 verkauft noch weiter gegeben.<\/p>\n<p>In enger Zusammenarbeit mit unseren Hosting-Providern\u00a0 bem\u00fchen wir uns, die Datenbanken so gut wie m\u00f6glich vor fremden Zugriffen, Verlusten,\u00a0 Missbrauch oder vor F\u00e4lschung zu sch\u00fctzen.<\/p>\n<p>Beim Zugriff auf unsere Webseiten werden folgende Daten in\u00a0 Logfiles gespeichert: IP-Adresse, Datum, Uhrzeit, Browser-Anfrage und allg.\u00a0 \u00fcbertragene Informationen zum Betriebssystem resp. Browser. Diese Nutzungsdaten\u00a0 bilden die Basis f\u00fcr statistische, anonyme Auswertungen, so dass Trends\u00a0 erkennbar sind, anhand derer wir unsere Angebote entsprechend verbessern \u00a0k\u00f6nnen.<\/p>\n<\/div>\n<\/div>\n<\/div>\n<p>[\/vc_column_text][\/vc_column][\/vc_row]<\/p>\n","protected":false},"excerpt":{"rendered":"<p>[vc_row][vc_column][vc_column_text] autov ist ein Produkt der AHS Werkstatt Kontaktadresse AHS Werkstatt Z\u00fcrcherstrasse 34 8604 Hegnau Schweiz info@ahs-werkstatt.ch &nbsp; Vertretungsberechtigte Personen Carmine Langone, Gesch\u00e4ftsf\u00fchrer Bruno Schiess, Verwaltungsrat Pascal Schiess, Verwaltungsrat &nbsp; Handelsregistereintrag Eingetragener Firmenname: Zweck der Gesellschaft ist Betrieb einer Garage mit Reparaturen, Kauf, Verkauf, Vermittlung, Vermietung von Fahrzeugen aller Art im In- und Ausland. Die [&hellip;]<\/p>\n","protected":false},"author":1,"featured_media":0,"parent":0,"menu_order":0,"comment_status":"closed","ping_status":"closed","template":"","meta":[],"_links":{"self":[{"href":"https:\/\/autov.ch\/index.php\/wp-json\/wp\/v2\/pages\/6961"}],"collection":[{"href":"https:\/\/autov.ch\/index.php\/wp-json\/wp\/v2\/pages"}],"about":[{"href":"https:\/\/autov.ch\/index.php\/wp-json\/wp\/v2\/types\/page"}],"author":[{"embeddable":true,"href":"https:\/\/autov.ch\/index.php\/wp-json\/wp\/v2\/users\/1"}],"replies":[{"embeddable":true,"href":"https:\/\/autov.ch\/index.php\/wp-json\/wp\/v2\/comments?post=6961"}],"version-history":[{"count":3,"href":"https:\/\/autov.ch\/index.php\/wp-json\/wp\/v2\/pages\/6961\/revisions"}],"predecessor-version":[{"id":57745,"href":"https:\/\/autov.ch\/index.php\/wp-json\/wp\/v2\/pages\/6961\/revisions\/57745"}],"wp:attachment":[{"href":"https:\/\/autov.ch\/index.php\/wp-json\/wp\/v2\/media?parent=6961"}],"curies":[{"name":"wp","href":"https:\/\/api.w.org\/{rel}","templated":true}]}}